{"id":303,"date":"2023-06-08T12:53:30","date_gmt":"2023-06-08T10:53:30","guid":{"rendered":"https:\/\/oraxativa.com\/horarios-y-tarifas\/"},"modified":"2026-01-02T15:18:24","modified_gmt":"2026-01-02T14:18:24","slug":"horaris-i-tarifes","status":"publish","type":"page","link":"https:\/\/oraxativa.com\/va\/horaris-i-tarifes\/","title":{"rendered":"Horaris i tarifes"},"content":{"rendered":"\n<section class=\"tpk-hero                 lower\"\n         style=\"\">\n                        <picture >\n\n                    <source srcset=\"https:\/\/oraxativa.com\/wp-content\/uploads\/sites\/19\/2023\/06\/56e55c75ca7e1_banner-residentes-480x300.jpg\" media=\"((min-width: 0rem) and (max-width: 30rem))\">\n                             <source srcset=\"https:\/\/oraxativa.com\/wp-content\/uploads\/sites\/19\/2023\/06\/56e55c75ca7e1_banner-residentes-1024x300.jpg\" media=\"(min-width: 30rem) and (max-width: 64rem)\" >\n                            <source srcset=\"https:\/\/oraxativa.com\/wp-content\/uploads\/sites\/19\/2023\/06\/56e55c75ca7e1_banner-residentes.jpg\" media=\"(min-width: 64rem)\" >\n        \n        \n                                                                                                        \n        <img src=\"https:\/\/oraxativa.com\/wp-content\/uploads\/sites\/19\/2023\/06\/56e55c75ca7e1_banner-residentes.jpg\" alt=\"\"  width=\"1140\" height=\"300\"  loading=\"eager\">\n    <\/picture>\n\n    \n        <div class=\"tpk-hero__content wrapper row\">\n                    <div class=\"col-xs-12 col-sm-12 pr-h pl-h\">\n                                <header class=\"tpk-head  wrapper\">\n        <h1 class=\"tpk-head__title\">Horaris i tarifes<\/h1>    <\/header>\n            \n                    <\/div>\n    <\/div>\n    <\/section>\n<div class=\"tpk-spinner__wrapper\">\n    <div class=\"tpk-spinner\"><\/div>\n<\/div>\n\n<article class=\"tpk-page\">\n    <div class=\"row wrapper center-xs tpk-page__content\">\n        <div class=\"col-xs-12 col-sm-10 col-md-8 pt-4 pb-4\">\n            <h2>Informaci\u00f3<\/h2>\n<p>A X\u00e0tiva s'han distingit <strong>dos<\/strong>\u00a0tipus de zones que es diferenciaran lleugerament en el seu preu.<\/p>\n<ul>\n<li>\n<p><strong>Zona Blava<\/strong>: Els nous parqu\u00edmetres instal\u00b7lats a X\u00e0tiva li faciliten la forma d'estacionar. Amb noves funcionalitats, com la introducci\u00f3 de matr\u00edcula i la posada en servici de Telpark per a augmentar la comoditat en l'\u00fas de la zona blava.<\/p>\n<\/li>\n<li>\n<p><strong>Zona Verda - Alta Rotaci\u00f3:<\/strong> Zona regulada creada especialment per a fomentar la rotaci\u00f3 de vehicles en el nucli antic de X\u00e0tiva.<\/p>\n<\/li>\n<\/ul>\n<p><strong>Tots els vehicles que usen zones regulades per l'ORA de X\u00e0tiva hauran d'abonar la taxa d'estacionament.<\/strong><\/p>\n<blockquote>\n<h2>Horaris X\u00e0tiva zones blava i verda<\/h2>\n<\/blockquote>\n<p><strong>HIVERN: Este horari t\u00e9 vig\u00e8ncia del 15 de setembre al 14 de juny.<\/strong><\/p>\n<ul>\n<li><strong>Dilluns a divendres<\/strong> de 09:00h a 14:00h i de 16:00h a 20:00h.<\/li>\n<li><strong>Dissabtes<\/strong> de 09:00h a 14:00h.<\/li>\n<li><strong>Diumenges i festius lliures<\/strong>. Els dies del 16 al 18 de mar\u00e7 tindran la consideraci\u00f3 de festius.<\/li>\n<\/ul>\n<p><strong>ESTIU: Este horari t\u00e9 vig\u00e8ncia del 15 de juny al 14 de setembre.<\/strong><\/p>\n<ul>\n<li><strong>Dilluns a divendres<\/strong> de 09:00h a 14:00h i de 16:30h a 20:30h.<\/li>\n<li><strong>Dissabtes<\/strong> de 09:00h a 14:00h.<\/li>\n<li><strong>Diumenges i festius lliures<\/strong>. Els dies del 16 al 20 d'agost tindran la consideraci\u00f3 de festius.<\/li>\n<\/ul>\n<blockquote>\n<h2>Tarifes X\u00e0tiva zona blava<\/h2>\n<\/blockquote>\n<p><strong>Les tarifes de la Zona Blava per a rotaci\u00f3 s\u00f3n:<\/strong><\/p>\n<ul>\n<li>31 minuts: <strong>0,25 EUR<\/strong><\/li>\n<li>62 minuts: <strong>0,50 EUR<\/strong><\/li>\n<li>90 minuts: <strong>0,95 EUR<\/strong><\/li>\n<li>123 minuts: (m\u00e1ximo): <strong>2,00 EUR<\/strong><\/li>\n<li>El per\u00edode m\u00ednim d'estacionament ser\u00e0 de 31 minuts per 0,25 EUR.<\/li>\n<\/ul>\n<blockquote>\n<h2>Tarifes X\u00e0tiva Zona Verda<\/h2>\n<\/blockquote>\n<p><strong>Les tarifes de la Zona Verda per a rotaci\u00f3 s\u00f3n:<\/strong><\/p>\n<ul>\n<li>28 minuts: <strong>0,35 EUR<\/strong><\/li>\n<li>60 minuts: <strong>1,10 EUR<\/strong><\/li>\n<li>90 minuts: <strong>1,90 EUR<\/strong><\/li>\n<li>120 minuts (m\u00e1ximo): <strong>3,00 EUR<\/strong><\/li>\n<li>El per\u00edode m\u00ednim d'estacionament ser\u00e0 de 28 minuts per 0,35 EUR.<\/li>\n<\/ul>\n<blockquote>\n<h2>Tarifes per a\u00a0Residents<\/h2>\n<\/blockquote>\n<p>Els usuaris que complisquen amb els requisits de l'ordenan\u00e7a per a ser considerats \"residentes\", podran obtindre un distintiu com a tal i accedir a les tarifes seg\u00fcents:<\/p>\n<ul>\n<li><strong>Dem\u00e0: 1,00\u00a0EUR<\/strong><\/li>\n<li><strong>Vesprada: 0,50\u00a0EUR<\/strong><\/li>\n<li><strong>Dia complet: 1,50 EUR<\/strong><\/li>\n<\/ul>\n<blockquote>\n<h2>Anul\u00b7laci\u00f3 de Den\u00fancia\u00a0<\/h2>\n<\/blockquote>\n<ul>\n<li>Si el seu vehicle ha sigut denunciat, podr\u00e0 anul\u00b7lar la den\u00fancia en l'expenedor de tiques o en el seu m\u00f2bil, per mitj\u00e0 de l'aplicaci\u00f3 Telpark, en el cas que la den\u00fancia haja sigut per sobrepassar el temps d'estacionament autoritzat. En este cas, podr\u00e0 anul\u00b7lar la den\u00fancia durant els seg\u00fcents 90 minuts posteriors a la imposici\u00f3 de den\u00fancia per mitj\u00e0 de l'obtenci\u00f3 d'un tique d'anul\u00b7laci\u00f3 de<strong> 4,00 EUR<\/strong>.<\/li>\n<li>Una vegada finalitzat este termini de 90 minuts, podr\u00e0 anul\u00b7lar la den\u00fancia durant la resta del mateix dia fins a les 23:59 amb un pagament d'anul\u00b7laci\u00f3 de <strong>10,00 EUR<\/strong> si va ser denunciat en la zona blava o de <strong>15,00 EUR<\/strong> si va ser denunciat en la zona verda.<\/li>\n<li>Recorde que les den\u00fancies per no tindre tique no s\u00f3n anul\u00b7lables en cap cas. En qualsevol dels casos, haur\u00e0 d'introduir el codi d'anul\u00b7laci\u00f3 electr\u00f2nica que figura en el butllet\u00ed de den\u00fancia.<\/li>\n<\/ul>\n\n        <\/div>\n    <\/div>\n<\/article>\n\n\n<section\n        class=\"tpk-banner-cta tpk-banner-cta--background   \"\n        style=\" --bg-picture: url('https:\/\/oraxativa.com\/wp-content\/uploads\/sites\/19\/2023\/06\/banner.jpg'); \">\n    <div class=\"tpk-banner-cta__content row wrapper middle-xs \">\n                                <div class=\"col-xs-12 col-md-6 tpk-banner-cta__content__text  \">\n                                                <header class=\"tpk-head  wrapper\">\n    <p class=\"tpk-head__caption\">Consulta les zones d'estacionament regulat<\/p>    <h2 class=\"tpk-head__title\">Pla General de X\u00e0tiva<\/h2>    <\/header>                                    <div class=\"tpk-banner-cta__buttons\">\n                                                                                <a  class=\"tpk-button tpk-button--primary tpk-button--lg \" href=\"\/va\/planos\/\"    >\n    <span>Veure<\/span>\n    <\/a>                                            <\/div>\n                            <\/div>\n        <\/div>\n<\/section>\n\n<article class=\"tpk-page\">\n    <div class=\"row wrapper center-xs tpk-page__content\">\n        <div class=\"col-xs-12 col-sm-10 col-md-8 pt-4 pb-4\">\n            <h3>Preguntes Freq\u00fcents<\/h3>\n<blockquote>\n<p>Si t\u00e9 qualsevol dubte no dubte a consultar la nostra F.A.Q. (Preguntes Freq\u00fcents) on trobar\u00e0 les q\u00fcestions realitzades per la majoria dels usuaris.<\/p>\n<p><a href=\"https:\/\/oraxativa.com\/va\/faqs\/\">VEURE PREGUNTES FREQ\u00dcENTS<\/a><\/p>\n<\/blockquote>\n\n        <\/div>\n    <\/div>\n<\/article>\n\n\n<section class=\"tpk-banner-app \">\n    <div class=\"row wrapper middle-xs\">\n        <div class=\"col-xs-12 col-sm-6 col-no-gutter tpk-banner-app__picture\">\n                                                <picture class=\"hide-xs show-sm\">\n\n                             <source srcset=\"https:\/\/oraxativa.com\/wp-content\/uploads\/sites\/19\/2023\/06\/banner_app_qr-488x398.png\" media=\"(min-width: 30rem) and (max-width: 64rem)\" >\n                            <source srcset=\"https:\/\/oraxativa.com\/wp-content\/uploads\/sites\/19\/2023\/06\/banner_app_qr.png\" media=\"(min-width: 64rem)\" >\n        \n        \n                                                                                                        \n        <img src=\"https:\/\/oraxativa.com\/wp-content\/uploads\/sites\/19\/2023\/06\/banner_app_qr.png\" alt=\"\"  width=\"518\" height=\"398\"  loading=\"lazy\" >\n    <\/picture>\n\n                                <\/div>\n        <div class=\"col-xs-12 col-sm-6 tpk-banner-app__content\">\n                        <header class=\"tpk-head  wrapper\">\n    <p class=\"tpk-head__caption\">Aparca i seguix<\/p>    <h2 class=\"tpk-head__title\">Escaneja el codi amb el teu m\u00f2bil per a descarregar l'app<\/h2>    <\/header>\n                        <div class=\"tpk-banner-app__buttons\">\n                                                                                                                    \n    <a href=\"https:\/\/play.google.com\/store\/apps\/details?id=com.delaware.empark\" class=\"tpk-button tpk-button--app dark\" target=\"_blank\">\n        <svg width=\"23\" height=\"26\" viewBox=\"0 0 23 26\" fill=\"none\" xmlns=\"http:\/\/www.w3.org\/2000\/svg\">\n            <path fill-rule=\"evenodd\" clip-rule=\"evenodd\" d=\"M0.862422 0.87988C0.581172 1.18175 0.419922 1.64675 0.419922 2.25113V23.7411C0.419922 24.3455 0.581172 24.8105 0.873047 25.1018L0.949297 25.1661L12.9905 13.1249V12.8543L0.938672 0.815505L0.862422 0.87988Z\" fill=\"url(#paint0_linear_9_9)\"\/>\n            <path fill-rule=\"evenodd\" clip-rule=\"evenodd\" d=\"M16.9962 17.1543L12.98 13.1368V12.8556L16.9975 8.83807L17.0843 8.89182L21.8362 11.5924C23.1968 12.3593 23.1968 13.6231 21.8362 14.4006L17.0843 17.1012L16.9962 17.1543Z\" fill=\"url(#paint1_linear_9_9)\"\/>\n            <path fill-rule=\"evenodd\" clip-rule=\"evenodd\" d=\"M17.083 17.1005L12.9799 12.9961L0.862371 25.1136C1.30487 25.5892 2.04987 25.643 2.88237 25.178L17.083 17.1005Z\" fill=\"url(#paint2_linear_9_9)\"\/>\n            <path fill-rule=\"evenodd\" clip-rule=\"evenodd\" d=\"M17.083 8.89304L2.88237 0.82616C2.05112 0.350535 1.30487 0.41491 0.862371 0.890535L12.9786 12.9962L17.083 8.89304Z\" fill=\"url(#paint3_linear_9_9)\"\/>\n            <defs>\n            <linearGradient id=\"paint0_linear_9_9\" x1=\"35.6607\" y1=\"-6.74995\" x2=\"-5.23028\" y2=\"12.2052\" gradientUnits=\"userSpaceOnUse\">\n            <stop stop-color=\"#047ED6\"\/>\n            <stop offset=\"1\" stop-color=\"#50E6FF\"\/>\n            <\/linearGradient>\n            <linearGradient id=\"paint1_linear_9_9\" x1=\"24.5643\" y1=\"12.9971\" x2=\"-6.03917\" y2=\"12.9971\" gradientUnits=\"userSpaceOnUse\">\n            <stop stop-color=\"#FFDA1C\"\/>\n            <stop offset=\"1\" stop-color=\"#FEB705\"\/>\n            <\/linearGradient>\n            <linearGradient id=\"paint2_linear_9_9\" x1=\"19.7657\" y1=\"4.95934\" x2=\"-15.0772\" y2=\"45.5368\" gradientUnits=\"userSpaceOnUse\">\n            <stop stop-color=\"#D9414F\"\/>\n            <stop offset=\"1\" stop-color=\"#8C193F\"\/>\n            <\/linearGradient>\n            <linearGradient id=\"paint3_linear_9_9\" x1=\"-2.18997\" y1=\"-6.27096\" x2=\"4.71665\" y2=\"5.36978\" gradientUnits=\"userSpaceOnUse\">\n            <stop stop-color=\"#33C481\"\/>\n            <stop offset=\"1\" stop-color=\"#61E3A7\"\/>\n            <\/linearGradient>\n            <\/defs>\n            <\/svg>\n        <div>\n            <span>Disponible en<\/span>\n            Google Play\n        <\/div>\n    <\/a>\n                                                                                                                                                                                <a href=\"https:\/\/apps.apple.com\/es\/app\/telpark\/id658204860\" class=\"tpk-button tpk-button--app dark\" target=\"_blank\">\n        <svg width=\"25\" height=\"30\" viewBox=\"0 0 25 30\" fill=\"none\" xmlns=\"http:\/\/www.w3.org\/2000\/svg\">\n            <path d=\"M23.643 10.227C23.469 10.362 20.397 12.093 20.397 15.942C20.397 20.394 24.306 21.969 24.423 22.008C24.405 22.104 23.802 24.165 22.362 26.265C21.078 28.113 19.737 29.958 17.697 29.958C15.657 29.958 15.132 28.773 12.777 28.773C10.482 28.773 9.666 29.997 7.8 29.997C5.934 29.997 4.632 28.287 3.135 26.187C1.401 23.721 0 19.89 0 16.254C0 10.422 3.792 7.329 7.524 7.329C9.507 7.329 11.16 8.631 12.405 8.631C13.59 8.631 15.438 7.251 17.694 7.251C18.549 7.251 21.621 7.329 23.643 10.227V10.227ZM16.623 4.782C17.556 3.675 18.216 2.139 18.216 0.603C18.216 0.39 18.198 0.174 18.159 0C16.641 0.057 14.835 1.011 13.746 2.274C12.891 3.246 12.093 4.782 12.093 6.339C12.093 6.573 12.132 6.807 12.15 6.882C12.246 6.9 12.402 6.921 12.558 6.921C13.92 6.921 15.633 6.009 16.623 4.782Z\" fill=\"white\"\/>\n        <\/svg>\n        <div>\n            <span>Disponible en<\/span>\n            Apple Store\n        <\/div>\n    <\/a>\n\n                                                                        <\/div>\n        <\/div>\n    <\/div>\n<\/section>\n","protected":false},"excerpt":{"rendered":"","protected":false},"author":1,"featured_media":0,"parent":0,"menu_order":0,"comment_status":"closed","ping_status":"closed","template":"","meta":[],"yoast_head":"<!-- This site is optimized with the Yoast SEO plugin v20.12 - https:\/\/yoast.com\/wordpress\/plugins\/seo\/ -->\n<title>Horaris i tarifes - ORA Xativa<\/title>\n<meta name=\"robots\" content=\"index, follow, max-snippet:-1, max-image-preview:large, max-video-preview:-1\" \/>\n<link rel=\"canonical\" href=\"https:\/\/oraxativa.com\/va\/horaris-i-tarifes\/\" \/>\n<meta property=\"og:locale\" content=\"en_US\" \/>\n<meta property=\"og:type\" content=\"article\" \/>\n<meta property=\"og:title\" content=\"Horaris i tarifes - ORA Xativa\" \/>\n<meta property=\"og:url\" content=\"https:\/\/oraxativa.com\/va\/horaris-i-tarifes\/\" \/>\n<meta property=\"og:site_name\" content=\"ORA Xativa\" \/>\n<meta property=\"article:modified_time\" content=\"2026-01-02T14:18:24+00:00\" \/>\n<meta name=\"twitter:card\" content=\"summary_large_image\" \/>\n<script type=\"application\/ld+json\" class=\"yoast-schema-graph\">{\"@context\":\"https:\/\/schema.org\",\"@graph\":[{\"@type\":\"WebPage\",\"@id\":\"https:\/\/oraxativa.com\/va\/horaris-i-tarifes\/\",\"url\":\"https:\/\/oraxativa.com\/va\/horaris-i-tarifes\/\",\"name\":\"Horaris i tarifes - ORA Xativa\",\"isPartOf\":{\"@id\":\"https:\/\/oraxativa.com\/#website\"},\"datePublished\":\"2023-06-08T10:53:30+00:00\",\"dateModified\":\"2026-01-02T14:18:24+00:00\",\"breadcrumb\":{\"@id\":\"https:\/\/oraxativa.com\/va\/horaris-i-tarifes\/#breadcrumb\"},\"inLanguage\":\"va\",\"potentialAction\":[{\"@type\":\"ReadAction\",\"target\":[\"https:\/\/oraxativa.com\/va\/horaris-i-tarifes\/\"]}]},{\"@type\":\"BreadcrumbList\",\"@id\":\"https:\/\/oraxativa.com\/va\/horaris-i-tarifes\/#breadcrumb\",\"itemListElement\":[{\"@type\":\"ListItem\",\"position\":1,\"name\":\"Home\",\"item\":\"https:\/\/oraxativa.com\/\"},{\"@type\":\"ListItem\",\"position\":2,\"name\":\"Horaris i tarifes\"}]},{\"@type\":\"WebSite\",\"@id\":\"https:\/\/oraxativa.com\/#website\",\"url\":\"https:\/\/oraxativa.com\/\",\"name\":\"ORA Xativa\",\"description\":\"Just another ORA Sites site\",\"publisher\":{\"@id\":\"https:\/\/oraxativa.com\/#organization\"},\"potentialAction\":[{\"@type\":\"SearchAction\",\"target\":{\"@type\":\"EntryPoint\",\"urlTemplate\":\"https:\/\/oraxativa.com\/?s={search_term_string}\"},\"query-input\":\"required name=search_term_string\"}],\"inLanguage\":\"va\"},{\"@type\":\"Organization\",\"@id\":\"https:\/\/oraxativa.com\/#organization\",\"name\":\"ORA Xativa\",\"url\":\"https:\/\/oraxativa.com\/\",\"logo\":{\"@type\":\"ImageObject\",\"inLanguage\":\"va\",\"@id\":\"https:\/\/oraxativa.com\/#\/schema\/logo\/image\/\",\"url\":\"https:\/\/oraxativa.com\/wp-content\/uploads\/sites\/19\/2023\/06\/logo-xativa.jpg\",\"contentUrl\":\"https:\/\/oraxativa.com\/wp-content\/uploads\/sites\/19\/2023\/06\/logo-xativa.jpg\",\"width\":128,\"height\":32,\"caption\":\"ORA Xativa\"},\"image\":{\"@id\":\"https:\/\/oraxativa.com\/#\/schema\/logo\/image\/\"}}]}<\/script>\n<!-- \/ Yoast SEO plugin. -->","yoast_head_json":{"title":"Horaris i tarifes - ORA Xativa","robots":{"index":"index","follow":"follow","max-snippet":"max-snippet:-1","max-image-preview":"max-image-preview:large","max-video-preview":"max-video-preview:-1"},"canonical":"https:\/\/oraxativa.com\/va\/horaris-i-tarifes\/","og_locale":"en_US","og_type":"article","og_title":"Horaris i tarifes - ORA Xativa","og_url":"https:\/\/oraxativa.com\/va\/horaris-i-tarifes\/","og_site_name":"ORA Xativa","article_modified_time":"2026-01-02T14:18:24+00:00","twitter_card":"summary_large_image","schema":{"@context":"https:\/\/schema.org","@graph":[{"@type":"WebPage","@id":"https:\/\/oraxativa.com\/va\/horaris-i-tarifes\/","url":"https:\/\/oraxativa.com\/va\/horaris-i-tarifes\/","name":"Horaris i tarifes - ORA Xativa","isPartOf":{"@id":"https:\/\/oraxativa.com\/#website"},"datePublished":"2023-06-08T10:53:30+00:00","dateModified":"2026-01-02T14:18:24+00:00","breadcrumb":{"@id":"https:\/\/oraxativa.com\/va\/horaris-i-tarifes\/#breadcrumb"},"inLanguage":"va","potentialAction":[{"@type":"ReadAction","target":["https:\/\/oraxativa.com\/va\/horaris-i-tarifes\/"]}]},{"@type":"BreadcrumbList","@id":"https:\/\/oraxativa.com\/va\/horaris-i-tarifes\/#breadcrumb","itemListElement":[{"@type":"ListItem","position":1,"name":"Home","item":"https:\/\/oraxativa.com\/"},{"@type":"ListItem","position":2,"name":"Horaris i tarifes"}]},{"@type":"WebSite","@id":"https:\/\/oraxativa.com\/#website","url":"https:\/\/oraxativa.com\/","name":"ORA Xativa","description":"Just another ORA Sites site","publisher":{"@id":"https:\/\/oraxativa.com\/#organization"},"potentialAction":[{"@type":"SearchAction","target":{"@type":"EntryPoint","urlTemplate":"https:\/\/oraxativa.com\/?s={search_term_string}"},"query-input":"required name=search_term_string"}],"inLanguage":"va"},{"@type":"Organization","@id":"https:\/\/oraxativa.com\/#organization","name":"ORA Xativa","url":"https:\/\/oraxativa.com\/","logo":{"@type":"ImageObject","inLanguage":"va","@id":"https:\/\/oraxativa.com\/#\/schema\/logo\/image\/","url":"https:\/\/oraxativa.com\/wp-content\/uploads\/sites\/19\/2023\/06\/logo-xativa.jpg","contentUrl":"https:\/\/oraxativa.com\/wp-content\/uploads\/sites\/19\/2023\/06\/logo-xativa.jpg","width":128,"height":32,"caption":"ORA Xativa"},"image":{"@id":"https:\/\/oraxativa.com\/#\/schema\/logo\/image\/"}}]}},"meta_box":[],"_links":{"self":[{"href":"https:\/\/oraxativa.com\/va\/wp-json\/wp\/v2\/pages\/303"}],"collection":[{"href":"https:\/\/oraxativa.com\/va\/wp-json\/wp\/v2\/pages"}],"about":[{"href":"https:\/\/oraxativa.com\/va\/wp-json\/wp\/v2\/types\/page"}],"author":[{"embeddable":true,"href":"https:\/\/oraxativa.com\/va\/wp-json\/wp\/v2\/users\/1"}],"replies":[{"embeddable":true,"href":"https:\/\/oraxativa.com\/va\/wp-json\/wp\/v2\/comments?post=303"}],"version-history":[{"count":2,"href":"https:\/\/oraxativa.com\/va\/wp-json\/wp\/v2\/pages\/303\/revisions"}],"predecessor-version":[{"id":684,"href":"https:\/\/oraxativa.com\/va\/wp-json\/wp\/v2\/pages\/303\/revisions\/684"}],"wp:attachment":[{"href":"https:\/\/oraxativa.com\/va\/wp-json\/wp\/v2\/media?parent=303"}],"curies":[{"name":"wp","href":"https:\/\/api.w.org\/{rel}","templated":true}]}}